{"id":30252,"date":"2025-05-26T07:58:22","date_gmt":"2025-05-26T05:58:22","guid":{"rendered":"https:\/\/free-anar.site\/?page_id=30252"},"modified":"2026-01-25T16:17:51","modified_gmt":"2026-01-25T15:17:51","slug":"featured-in","status":"publish","type":"page","link":"https:\/\/www.endrepression-az.org\/az\/featured-in\/","title":{"rendered":"FEATURED IN"},"content":{"rendered":"<p>[et_pb_section fb_built=&#8221;1&#8243; fullwidth=&#8221;on&#8221; admin_label=&#8221;Section&#8221; _builder_version=&#8221;4.16&#8243; custom_padding=&#8221;0px|0px|0px|0px&#8221; transparent_background=&#8221;off&#8221; make_fullwidth=&#8221;off&#8221; use_custom_width=&#8221;off&#8221; width_unit=&#8221;off&#8221; custom_width_px=&#8221;1080px&#8221; custom_width_percent=&#8221;80%&#8221; global_colors_info=&#8221;{}&#8221;][\/et_pb_section][et_pb_section fb_built=&#8221;1&#8243; _builder_version=&#8221;4.25.2&#8243; background_color=&#8221;#f3dc95&#8243; transparent_background=&#8221;off&#8221; make_fullwidth=&#8221;off&#8221; use_custom_width=&#8221;off&#8221; width_unit=&#8221;off&#8221; custom_width_px=&#8221;1080px&#8221; custom_width_percent=&#8221;80%&#8221; global_colors_info=&#8221;{}&#8221;][et_pb_row _builder_version=&#8221;4.25.2&#8243; background_size=&#8221;initial&#8221; background_position=&#8221;top_left&#8221; background_repeat=&#8221;repeat&#8221; custom_padding=&#8221;14px|0px|5px|0px||&#8221; make_fullwidth=&#8221;off&#8221; use_custom_width=&#8221;off&#8221; width_unit=&#8221;off&#8221; custom_width_px=&#8221;1080px&#8221; custom_width_percent=&#8221;80%&#8221; global_colors_info=&#8221;{}&#8221;][et_pb_column type=&#8221;4_4&#8243; _builder_version=&#8221;4.16&#8243; custom_padding=&#8221;|||&#8221; global_colors_info=&#8221;{}&#8221; custom_padding__hover=&#8221;|||&#8221;][et_pb_heading title=&#8221;FEATURED IN&#8221; _builder_version=&#8221;4.25.2&#8243; _module_preset=&#8221;default&#8221; title_text_align=&#8221;center&#8221; global_colors_info=&#8221;{}&#8221;][\/et_pb_heading][et_pb_text _builder_version=&#8221;4.25.2&#8243; _module_preset=&#8221;default&#8221; text_orientation=&#8221;center&#8221; custom_padding=&#8221;||0px|||&#8221; global_colors_info=&#8221;{}&#8221;]<\/p>\n<h4 style=\"text-align: center;\"><span lang=\"EN-GB\"><\/span><\/h4>\n<h4><span lang=\"EN-GB\">International media from around the world have taken notice of our campaign, End Repression in Azerbaijan. These articles help expose the government\u2019s ongoing crackdown on civil society and amplify our call for justice, free expression, and the release of political prisoners in Azerbaijan.<\/span><\/h4>\n<div><\/div>\n<p>[\/et_pb_text][et_pb_button button_url=&#8221;https:\/\/free-anar.site\/newsletter\/&#8221; button_text=&#8221;STAY IN TOUCH WITH THE CAMPAIGN&#8221; button_alignment=&#8221;center&#8221; _builder_version=&#8221;4.25.2&#8243; _module_preset=&#8221;default&#8221; custom_button=&#8221;on&#8221; button_text_color=&#8221;#f3dc95&#8243; button_bg_color=&#8221;#d32329&#8243; button_border_width=&#8221;0px&#8221; button_border_radius=&#8221;11px&#8221; button_font=&#8221;&#8211;et_global_heading_font||||||||&#8221; button_icon=&#8221;&#x39;||divi||400&#8243; animation_style=&#8221;slide&#8221; animation_direction=&#8221;bottom&#8221; locked=&#8221;off&#8221; global_colors_info=&#8221;{}&#8221;][\/et_pb_button][\/et_pb_column][\/et_pb_row][et_pb_row column_structure=&#8221;1_6,1_6,1_6,1_6,1_6,1_6&#8243; _builder_version=&#8221;4.25.2&#8243; _module_preset=&#8221;default&#8221; min_height=&#8221;39.8px&#8221; custom_padding=&#8221;||32px|||&#8221; global_colors_info=&#8221;{}&#8221;][et_pb_column type=&#8221;1_6&#8243; _builder_version=&#8221;4.25.2&#8243; _module_preset=&#8221;default&#8221; global_colors_info=&#8221;{}&#8221;][et_pb_blurb title=&#8221;NEW EASTERN EUROPE&#8221; url=&#8221;https:\/\/neweasterneurope.eu\/2025\/04\/16\/azerbaijan-and-the-council-of-europe-a-return-through-the-back-door\/&#8221; image=&#8221;https:\/\/free-anar.site\/wp-content\/uploads\/2025\/05\/1.png&#8221; alt=&#8221;Sevinj Vagifgizi&#8221; _builder_version=&#8221;4.25.2&#8243; _module_preset=&#8221;default&#8221; body_font=&#8221;&#8211;et_global_body_font||||||||&#8221; background_color=&#8221;RGBA(255,255,255,0)&#8221; text_orientation=&#8221;center&#8221; box_shadow_style_image=&#8221;preset4&#8243; locked=&#8221;off&#8221; global_colors_info=&#8221;{}&#8221;][\/et_pb_blurb][\/et_pb_column][et_pb_column type=&#8221;1_6&#8243; _builder_version=&#8221;4.25.2&#8243; _module_preset=&#8221;default&#8221; global_colors_info=&#8221;{}&#8221;][et_pb_blurb title=&#8221;LIBERATION&#8221; url=&#8221;https:\/\/connexion.liberation.fr\/autorefresh?referer=https%3a%2f%2fwww.liberation.fr%2fenvironnement%2fclimat%2fanar-mammadli-militant-des-droits-humains-emprisonne-et-autre-visage-de-cette-cop29-20241116_KON6BJYFZBGSXG4WBLB6NGIKIM%2f&#8221; image=&#8221;https:\/\/free-anar.site\/wp-content\/uploads\/2025\/05\/2-1.png&#8221; alt=&#8221;Ulvi Hasanli square blue&#8221; _builder_version=&#8221;4.25.2&#8243; _module_preset=&#8221;default&#8221; body_font=&#8221;&#8211;et_global_body_font||||||||&#8221; background_color=&#8221;RGBA(255,255,255,0)&#8221; text_orientation=&#8221;center&#8221; box_shadow_style_image=&#8221;preset4&#8243; locked=&#8221;off&#8221; global_colors_info=&#8221;{}&#8221;][\/et_pb_blurb][\/et_pb_column][et_pb_column type=&#8221;1_6&#8243; _builder_version=&#8221;4.25.2&#8243; _module_preset=&#8221;default&#8221; global_colors_info=&#8221;{}&#8221;][et_pb_blurb title=&#8221;BNN BLOOMBERG&#8221; url=&#8221;https:\/\/www.bnnbloomberg.ca\/business\/international\/2024\/11\/14\/before-and-after-cop29-azerbaijan-is-a-risky-place-for-climate-activists\/&#8221; image=&#8221;https:\/\/free-anar.site\/wp-content\/uploads\/2025\/05\/1-1.png&#8221; alt=&#8221;Aziz Orujov is a journalist and founder of Channel 13, repeatedly arrested for his critical reporting on human rights in Azerbaijan.&#8221; _builder_version=&#8221;4.25.2&#8243; _module_preset=&#8221;default&#8221; body_font=&#8221;&#8211;et_global_body_font||||||||&#8221; image_icon_custom_padding_last_edited=&#8221;off|desktop&#8221; text_orientation=&#8221;center&#8221; link_option_url=&#8221;https:\/\/free-anar.site\/political-prisoners\/aziz-orujov\/&#8221; box_shadow_style_image=&#8221;preset4&#8243; global_colors_info=&#8221;{}&#8221;][\/et_pb_blurb][\/et_pb_column][et_pb_column _builder_version=&#8221;4.25.2&#8243; _module_preset=&#8221;default&#8221; type=&#8221;1_6&#8243;][et_pb_blurb title=&#8221;CAUCASIAN KNOT&#8221; url=&#8221;https:\/\/www.bnnbloomberg.ca\/business\/international\/2024\/11\/14\/before-and-after-cop29-azerbaijan-is-a-risky-place-for-climate-activists\/&#8221; image=&#8221;https:\/\/free-anar.site\/wp-content\/uploads\/2026\/01\/Screenshot-2026-01-25-at-17.13.49.png&#8221; alt=&#8221;Caucasian Knot&#8221; _builder_version=&#8221;4.25.2&#8243; _module_preset=&#8221;default&#8221; body_font=&#8221;&#8211;et_global_body_font||||||||&#8221; image_icon_custom_padding_last_edited=&#8221;off|desktop&#8221; text_orientation=&#8221;center&#8221; link_option_url=&#8221;https:\/\/free-anar.site\/political-prisoners\/aziz-orujov\/&#8221; hover_enabled=&#8221;0&#8243; box_shadow_style_image=&#8221;preset4&#8243; global_colors_info=&#8221;{}&#8221; sticky_enabled=&#8221;0&#8243; title_text=&#8221;Caucasian Knot&#8221;][\/et_pb_blurb][\/et_pb_column][et_pb_column type=&#8221;1_6&#8243; _builder_version=&#8221;4.25.2&#8243; _module_preset=&#8221;default&#8221; global_colors_info=&#8221;{}&#8221;][et_pb_blurb title=&#8221;GLOBAL CITIZEN&#8221; url=&#8221;https:\/\/www.globalcitizen.org\/en\/content\/cop29-a-growing-crackdown-on-civic-space-restric-2\/&#8221; image=&#8221;https:\/\/free-anar.site\/wp-content\/uploads\/2025\/05\/2.png&#8221; alt=&#8221;Nargiz Absalamova A journalist with Abzas Media, currently imprisoned on disputed charges, known for her investigative reports exposing government corruption in Azerbaijan.&#8221; _builder_version=&#8221;4.25.2&#8243; _module_preset=&#8221;default&#8221; body_font=&#8221;&#8211;et_global_body_font||||||||&#8221; image_icon_custom_padding_last_edited=&#8221;off|desktop&#8221; text_orientation=&#8221;center&#8221; link_option_url=&#8221;https:\/\/free-anar.site\/political-prisoners\/nargiz-absalamova\/&#8221; box_shadow_style_image=&#8221;preset4&#8243; global_colors_info=&#8221;{}&#8221;][\/et_pb_blurb][\/et_pb_column][et_pb_column type=&#8221;1_6&#8243; _builder_version=&#8221;4.25.2&#8243; _module_preset=&#8221;default&#8221; global_colors_info=&#8221;{}&#8221;][et_pb_blurb title=&#8221;LE TEMPS&#8221; url=&#8221;https:\/\/free-anar.site\/political-prisoners\/ilhamiz-guliyev\/&#8221; image=&#8221;https:\/\/free-anar.site\/wp-content\/uploads\/2025\/05\/3.png&#8221; alt=&#8221;Ilhamiz Guliyev A public activist and former investigator, currently imprisoned after criticizing government abuse of activists in an anonymous interview.&#8221; _builder_version=&#8221;4.25.2&#8243; _module_preset=&#8221;default&#8221; body_font=&#8221;&#8211;et_global_body_font||||||||&#8221; background_color=&#8221;RGBA(255,255,255,0)&#8221; text_orientation=&#8221;center&#8221; custom_padding=&#8221;||0px|||&#8221; link_option_url=&#8221;https:\/\/www.letemps.ch\/opinions\/debats\/monsieur-berset-le-conseil-de-l-europe-doit-cesser-de-menager-l-azerbaidjan&#8221; box_shadow_style_image=&#8221;preset4&#8243; locked=&#8221;off&#8221; global_colors_info=&#8221;{}&#8221;][\/et_pb_blurb][\/et_pb_column][\/et_pb_row][et_pb_row _builder_version=&#8221;4.25.2&#8243; _module_preset=&#8221;default&#8221; global_colors_info=&#8221;{}&#8221;][et_pb_column type=&#8221;4_4&#8243; _builder_version=&#8221;4.25.2&#8243; _module_preset=&#8221;default&#8221; global_colors_info=&#8221;{}&#8221;][et_pb_heading title=&#8221;MORE COVERAGE&#8221; _builder_version=&#8221;4.25.2&#8243; _module_preset=&#8221;default&#8221; title_text_align=&#8221;center&#8221; global_colors_info=&#8221;{}&#8221;][\/et_pb_heading][et_pb_text _builder_version=&#8221;4.25.2&#8243; _module_preset=&#8221;default&#8221; text_orientation=&#8221;center&#8221; custom_padding=&#8221;||0px|||&#8221; hover_enabled=&#8221;0&#8243; global_colors_info=&#8221;{}&#8221; sticky_enabled=&#8221;0&#8243;]<\/p>\n<ul>\n<li class=\"p1\" style=\"text-align: left;\">Human rights activists have called on the Council of Europe to respond to the human rights crisis in Azerbaijan \u2014 <strong>Caucasian Knot<\/strong> \u2014 23 January 2026<br \/><a href=\"https:\/\/www.eng.kavkaz-uzel.eu\/articles\/72211\" target=\"_blank\" rel=\"noopener\">https:\/\/www.eng.kavkaz-uzel.eu\/articles\/72211<\/a><\/li>\n<li class=\"p1\" style=\"text-align: left;\">A\u015ePA m\u0259ruz\u0259\u00e7isi \u018fli K\u0259rimlinin h\u0259bsind\u0259n d\u0259rin narahatl\u0131q bildirir \u2014 <strong>Azadliq Radiosu<\/strong> \u2014 1 December 2025<br \/><a href=\"https:\/\/www.azadliq.org\/a\/eli-kerimlinin-hebsine-beynelxalq-reaksiyalar\/33610148.html\" target=\"_blank\" rel=\"noopener\">https:\/\/www.azadliq.org\/a\/eli-kerimlinin-hebsine-beynelxalq-reaksiyalar\/33610148.html<\/a><\/li>\n<li class=\"p1\" style=\"text-align: left;\">Azerbaijan Opposition Leader Ali Karimli Detained Amid Political Crackdown \u2014 <strong>RFE\/RL<\/strong> \u2014 1 December 2025<br \/><a href=\"https:\/\/www.rferl.org\/a\/azerbaijan-opposition-leader-karimli-detained-political-crackdown\/33610071.html\">https:\/\/www.rferl.org\/a\/azerbaijan-opposition-leader-karimli-detained-political-crackdown\/33610071.html<\/a><\/li>\n<li class=\"p1\" style=\"text-align: left;\">Koniec szczytu klimatycznego w Baku. \u201eGorzkie rozczarowanie\u201d i spory o pieni\u0105dze \u2013 <span class=\"s1\"><b>Klimat<\/b><\/span> \u2013 28.11.2024<br \/><a href=\"https:\/\/klimat.rp.pl\/szczyt-klimatyczny\/art41513781-koniec-szczytu-klimatycznego-w-baku-gorzkie-rozczarowanie-i-spory-o-pieniadze\">https:\/\/klimat.rp.pl\/szczyt-klimatyczny\/art41513781-koniec-szczytu-klimatycznego-w-baku-gorzkie-rozczarowanie-i-spory-o-pieniadze<\/a><\/li>\n<li class=\"p1\" style=\"text-align: left;\">Wor\u00fcber bei der Weltklimakonferenz in Baku nicht gesprochen wird \u2013 <span class=\"s1\"><b>Die Presse<\/b><\/span> \u2013 22.11.2024<br \/><a href=\"https:\/\/www.diepresse.com\/19092870\/worueber-bei-der-weltklimakonferenz-in-baku-nicht-gesprochen-wird\">https:\/\/www.diepresse.com\/19092870\/worueber-bei-der-weltklimakonferenz-in-baku-nicht-gesprochen-wird<\/a><\/li>\n<li class=\"p1\" style=\"text-align: left;\">Antes e depois da COP29, Azerbaij\u00e3o \u00e9 um lugar arriscado para ativistas clim\u00e1ticos \u2013 <span class=\"s1\"><b>Valor<\/b><\/span> \u2013 14.11.2024<br \/><a href=\"https:\/\/valor.globo.com\/mundo\/cop29\/noticia\/2024\/11\/14\/antes-e-depois-da-cop29-azerbaijao-e-um-lugar-arriscado-para-ativistas-climaticos.ghtml\">https:\/\/valor.globo.com\/mundo\/cop29\/noticia\/2024\/11\/14\/antes-e-depois-da-cop29-azerbaijao-e-um-lugar-arriscado-para-ativistas-climaticos.ghtml<\/a><\/li>\n<li class=\"p1\" style=\"text-align: left;\">Gubad was beaten and jailed for criticising fossil fuels in his country. It\u2019s now hosting COP29 \u2013 <span class=\"s1\"><b>SBS News<\/b><\/span> \u2013 14.11.2024<br \/><a href=\"https:\/\/www.sbs.com.au\/news\/article\/cop29-underway-in-baku-azerbaijan-amid-anti-corruption-crackdown\/1krt6xd5c\">https:\/\/www.sbs.com.au\/news\/article\/cop29-underway-in-baku-azerbaijan-amid-anti-corruption-crackdown\/1krt6xd5c<\/a><\/li>\n<li class=\"p1\" style=\"text-align: left;\">Azerbaijan accused of ramping up repression of critics ahead of hosting UN climate summit \u2013 <span class=\"s1\"><b>AP<\/b><\/span> \u2013 12.11.2024<br \/><a href=\"https:\/\/apnews.com\/article\/cop29-climate-baku-azerbaijan-796f5e8c62e361e5be892c7e17959d28\">https:\/\/apnews.com\/article\/cop29-climate-baku-azerbaijan-796f5e8c62e361e5be892c7e17959d28<\/a><\/li>\n<li class=\"p1\" style=\"text-align: left;\">Azerbaijan\u2019s Crackdown On Dissent Casts Shadow Over COP29 \u2013 <span class=\"s1\"><b>Inkl<\/b><\/span> \u2013 12.11.2024<br \/><a href=\"https:\/\/www.inkl.com\/news\/azerbaijan-s-crackdown-on-dissent-casts-shadow-over-cop29\">https:\/\/www.inkl.com\/news\/azerbaijan-s-crackdown-on-dissent-casts-shadow-over-cop29<\/a><\/li>\n<li class=\"p1\" style=\"text-align: left;\">COP29: les d\u00e9fenseurs du climat de plus en plus r\u00e9prim\u00e9s en Azerba\u00efdjan et dans le monde \u2013 <span class=\"s1\"><b>Radio France International<\/b><\/span> \u2013 11.11.2024<br \/><a href=\"https:\/\/www.rfi.fr\/fr\/podcasts\/questions-d-environnement\/20241111-cop29-les-d\u00e9fenseurs-du-climat-de-plus-en-plus-r\u00e9prim\u00e9s-en-azerba\u00efdjan-et-dans-le-monde\">https:\/\/www.rfi.fr\/fr\/podcasts\/questions-d-environnement\/20241111-cop29-les-d\u00e9fenseurs-du-climat-de-plus-en-plus-r\u00e9prim\u00e9s-en-azerba\u00efdjan-et-dans-le-monde<\/a><\/li>\n<li class=\"p1\" style=\"text-align: left;\">Tre politiska f\u00e5ngar med svenskkoppling att h\u00e5lla koll p\u00e5 under Cop29 \u2013 <span class=\"s1\"><b>Blankspot<\/b><\/span> \u2013 11.11.2024<br \/><a href=\"https:\/\/blankspot.se\/tre-politiska-fangar-med-svenskkoppling-att-halla-koll-pa-under-cop29\/\">https:\/\/blankspot.se\/tre-politiska-fangar-med-svenskkoppling-att-halla-koll-pa-under-cop29\/<\/a><\/li>\n<li class=\"p1\" style=\"text-align: left;\">COP29 in einem Klima der Unterdr\u00fcckung \u2013 <span class=\"s1\"><b>Friedrich Naumann Foundation<\/b><\/span> \u2013 11.11.2024<br \/><a href=\"https:\/\/www.freiheit.org\/de\/cop29-einem-klima-der-unterdrueckung\">https:\/\/www.freiheit.org\/de\/cop29-einem-klima-der-unterdrueckung<\/a><\/li>\n<li class=\"p1\" style=\"text-align: left;\">Das Klimakalk\u00fcl des Ilham Alijew \u2013 <span class=\"s1\"><b>S\u00fcuddetusche Zeitung<\/b><\/span> \u2013 10.11.2024<br \/><a href=\"https:\/\/www.sueddeutsche.de\/politik\/cop-29-klimakonferenz-aserbaidschan-alijew-lux.2WQ8yvpfRTqZY2apY8eTmX\">https:\/\/www.sueddeutsche.de\/politik\/cop-29-klimakonferenz-aserbaidschan-alijew-lux.2WQ8yvpfRTqZY2apY8eTmX<\/a><\/li>\n<li class=\"p1\" style=\"text-align: left;\">Cuestionan autenticidad de Azerbaiy\u00e1n como anfitri\u00f3n de la COP29 por su historial en derechos humanos y dependencia en combustibles f\u00f3siles \u2013 <span class=\"s1\"><b>Calamuchita Ya!<\/b><\/span> \u2013 09.11.2024<br \/><a href=\"https:\/\/www.calamuchitaya.com\/13862-cuestionan-autenticidad-de-azerbaiy-n-como-anfitri-n-de-la-cop29-por-su-historial-en-derechos-humanos-y-dependencia-en-combustibles-f-siles\/\">https:\/\/www.calamuchitaya.com\/13862-cuestionan-autenticidad-de-azerbaiy-n-como-anfitri-n-de-la-cop29-por-su-historial-en-derechos-humanos-y-dependencia-en-combustibles-f-siles\/<\/a><\/li>\n<li class=\"p1\" style=\"text-align: left;\">Quest For Justice In A Climate Of Repression \u2013 <span class=\"s1\"><b>Friedrich Naumann Foundation<\/b><\/span> \u2013 09.11.2024<br \/><a href=\"https:\/\/www.freiheit.org\/south-caucasus\/quest-justice-climate-repression\">https:\/\/www.freiheit.org\/south-caucasus\/quest-justice-climate-repression<\/a><\/li>\n<li class=\"p1\" style=\"text-align: left;\">Droits de l\u2019homme\u202f: Bakou emprisonne des centaines d\u2019opposants avant la COP29 \u2013 <span class=\"s1\"><b>Le Soir<\/b><\/span> \u2013 08.11.2024<br \/><a href=\"https:\/\/www.lesoir.be\/541036\/article\/2024-11-08\/droits-de-lhomme-bakou-emprisonne-des-centaines-dopposants-avant-la-cop29\">https:\/\/www.lesoir.be\/541036\/article\/2024-11-08\/droits-de-lhomme-bakou-emprisonne-des-centaines-dopposants-avant-la-cop29<\/a><\/li>\n<li class=\"p1\" style=\"text-align: left;\">UE: sollevare la crisi dei diritti umani in Azerbaigian durante la COP29 \u2013 <span class=\"s1\"><b>ESG Data<\/b><\/span> \u2013 06.11.2024<br \/><a href=\"https:\/\/esgdata.it\/document\/tsDy_5IB-jOSA4VhPYwm\/ue-sollevare-la-crisi-dei-diritti-umani-in-azerbaigian-durante-la-cop29\">https:\/\/esgdata.it\/document\/tsDy_5IB-jOSA4VhPYwm\/ue-sollevare-la-crisi-dei-diritti-umani-in-azerbaigian-durante-la-cop29<\/a><\/li>\n<li class=\"p1\" style=\"text-align: left;\">Governo do Azerbaij\u00e3o refor\u00e7a repress\u00e3o contra jornalistas e ativistas; entenda \u2013 <span class=\"s1\"><b>B News<\/b><\/span> \u2013 05.11.2024<br \/><a href=\"https:\/\/www.bnews.com.br\/noticias\/meio-ambiente\/cop-29-azerbaijao-reforca-repressao-contra-jornalistas-e-ativistas-para-evitar-imprensa-independente-entenda.html\">https:\/\/www.bnews.com.br\/noticias\/meio-ambiente\/cop-29-azerbaijao-reforca-repressao-contra-jornalistas-e-ativistas-para-evitar-imprensa-independente-entenda.html<\/a><\/li>\n<li class=\"p1\" style=\"text-align: left;\">COP29 no Azerbaij\u00e3o: oposi\u00e7\u00e3o denuncia persegui\u00e7\u00e3o pol\u00edtica, inclusive contra ambientalistas \u2013 <span class=\"s1\"><b>Folha de Pernambuco<\/b><\/span> \u2013 05.11.2024<br \/><a href=\"https:\/\/www.folhape.com.br\/noticias\/cop29-no-azerbaijao-oposicao-denuncia-perseguicao-politica-inclusive\/370700\/\">https:\/\/www.folhape.com.br\/noticias\/cop29-no-azerbaijao-oposicao-denuncia-perseguicao-politica-inclusive\/370700\/<\/a><\/li>\n<li class=\"p1\" style=\"text-align: left;\">Oposi\u00e7\u00e3o \u2018esmagada\u2019 no Azerbaij\u00e3o dias antes da COP29 \u2013 <span class=\"s1\"><b>Swissinfo.ch (Spanish)<\/b><\/span> \u2013 05.11.2024<br \/><a href=\"https:\/\/www.swissinfo.ch\/por\/oposi\u00e7\u00e3o-%27esmagada%27-no-azerbaij\u00e3o-dias-antes-da-cop29\/87994794\">https:\/\/www.swissinfo.ch\/por\/oposi\u00e7\u00e3o-%27esmagada%27-no-azerbaij\u00e3o-dias-antes-da-cop29\/87994794<\/a><\/li>\n<li class=\"p1\" style=\"text-align: left;\">UN rapporteur urges Azerbaijan to release climate activist ahead of COP29 \u2013 <span class=\"s1\"><b>Euractiv<\/b><\/span> \u2013 01.11.2024<br \/><a href=\"https:\/\/www.euractiv.com\/section\/azerbaijan\/news\/un-rapporteur-urges-azerbaijan-to-release-climate-activist-ahead-of-cop29\/\">https:\/\/www.euractiv.com\/section\/azerbaijan\/news\/un-rapporteur-urges-azerbaijan-to-release-climate-activist-ahead-of-cop29\/<\/a><\/li>\n<li class=\"p1\" style=\"text-align: left;\">Azerba\u00efdjan : la r\u00e9pression s\u2019intensifie \u00e0 l\u2019approche de la COP29 organis\u00e9e \u00e0 Bakou \u2013 <span class=\"s1\"><b>Le Monde<\/b><\/span> \u2013 10.10.2024<br \/><a href=\"https:\/\/www.lemonde.fr\/international\/article\/2024\/10\/10\/azerbaidjan-la-repression-s-intensifie-a-l-approche-de-la-cop29-organisee-a-bakou_6192349_3210.html\">https:\/\/www.lemonde.fr\/international\/article\/2024\/10\/10\/azerbaidjan-la-repression-s-intensifie-a-l-approche-de-la-cop29-organisee-a-bakou_6192349_3210.html<\/a><\/li>\n<li class=\"p1\" style=\"text-align: left;\">Oljeland v\u00e4rdland f\u00f6r klimatkonferens \u2013 kritiker grips \u2013 <span class=\"s1\"><b>Sverige Radio<\/b><\/span> \u2013 09.10.2024<br \/><a href=\"https:\/\/www.sverigesradio.se\/artikel\/oljeland-vardland-for-klimatkonferens-kritiker-grips\">https:\/\/www.sverigesradio.se\/artikel\/oljeland-vardland-for-klimatkonferens-kritiker-grips<\/a><\/li>\n<li class=\"p1\" style=\"text-align: left;\">Vor Klimakonferenz: Aktivisten kritisieren Festnahmen \u2013 <span class=\"s1\"><b>Swissinfo.ch (German)<\/b><\/span> \u2013 08.10.2024<br \/><a href=\"https:\/\/www.swissinfo.ch\/ger\/vor-klimakonferenz%3a-aktivisten-kritisieren-festnahmen\/87694344\">https:\/\/www.swissinfo.ch\/ger\/vor-klimakonferenz%3a-aktivisten-kritisieren-festnahmen\/87694344<\/a><\/li>\n<li class=\"p1\" style=\"text-align: left;\">En Azerba\u00efdjan, un nouveau tour de vis contre les voix dissidentes avant la COP29 \u2013 <span class=\"s1\"><b>Le Monde<\/b><\/span> \u2013 28.08.2024<br \/><a href=\"https:\/\/www.lemonde.fr\/international\/article\/2024\/08\/28\/en-azerbaidjan-un-nouveau-tour-de-vis-contre-les-voix-dissidentes-avant-la-cop29_6297633_3210.html\">https:\/\/www.lemonde.fr\/international\/article\/2024\/08\/28\/en-azerbaidjan-un-nouveau-tour-de-vis-contre-les-voix-dissidentes-avant-la-cop29_6297633_3210.html<\/a><\/li>\n<li class=\"p1\" style=\"text-align: left;\">Azerbaijani activists launch campaign to free activist Anar Mammadli ahead of COP29 \u2013 <span class=\"s1\"><b>OC Media<\/b><\/span> \u2013 04.07.2024<br \/><a href=\"https:\/\/oc-media.org\/azerbaijani-activists-launch-campaign-to-free-activist-anar-mammadli-ahead-of-cop29\/\">https:\/\/oc-media.org\/azerbaijani-activists-launch-campaign-to-free-activist-anar-mammadli-ahead-of-cop29\/<\/a><\/li>\n<li class=\"p1\" style=\"text-align: left;\">On eve of COP29, human rights activists launched \u2018Anar Mammadli Campaign\u2019 \u2013 <span class=\"s1\"><b>First Channel News<\/b><\/span> \u2013 01.07.2024<br \/><a href=\"https:\/\/www.1lurer.am\/en\/2024\/07\/01\/On-eve-of-COP29-human-rights-activists-launched-\u055bAnar-Mammadli-Campaign\u055b\/1150669\">https:\/\/www.1lurer.am\/en\/2024\/07\/01\/On-eve-of-COP29-human-rights-activists-launched-\u055bAnar-Mammadli-Campaign\u055b\/1150669<\/a><\/li>\n<\/ul>\n<p>[\/et_pb_text][\/et_pb_column][\/et_pb_row][\/et_pb_section]<\/p>\n","protected":false},"excerpt":{"rendered":"<p>International media from around the world have taken notice of our campaign, End Repression in Azerbaijan. These articles help expose the government\u2019s ongoing crackdown on civil society and amplify our call for justice, free expression, and the release of political prisoners in Azerbaijan. Human rights activists have called on the Council of Europe to respond [&hellip;]<\/p>\n","protected":false},"author":4,"featured_media":0,"parent":0,"menu_order":1,"comment_status":"closed","ping_status":"closed","template":"","meta":{"_et_pb_use_builder":"on","_et_pb_old_content":"","_et_gb_content_width":"","footnotes":""},"categories":[],"tags":[],"class_list":["post-30252","page","type-page","status-publish","hentry"],"_links":{"self":[{"href":"https:\/\/www.endrepression-az.org\/az\/wp-json\/wp\/v2\/pages\/30252","targetHints":{"allow":["GET"]}}],"collection":[{"href":"https:\/\/www.endrepression-az.org\/az\/wp-json\/wp\/v2\/pages"}],"about":[{"href":"https:\/\/www.endrepression-az.org\/az\/wp-json\/wp\/v2\/types\/page"}],"author":[{"embeddable":true,"href":"https:\/\/www.endrepression-az.org\/az\/wp-json\/wp\/v2\/users\/4"}],"replies":[{"embeddable":true,"href":"https:\/\/www.endrepression-az.org\/az\/wp-json\/wp\/v2\/comments?post=30252"}],"version-history":[{"count":7,"href":"https:\/\/www.endrepression-az.org\/az\/wp-json\/wp\/v2\/pages\/30252\/revisions"}],"predecessor-version":[{"id":30776,"href":"https:\/\/www.endrepression-az.org\/az\/wp-json\/wp\/v2\/pages\/30252\/revisions\/30776"}],"wp:attachment":[{"href":"https:\/\/www.endrepression-az.org\/az\/wp-json\/wp\/v2\/media?parent=30252"}],"wp:term":[{"taxonomy":"category","embeddable":true,"href":"https:\/\/www.endrepression-az.org\/az\/wp-json\/wp\/v2\/categories?post=30252"},{"taxonomy":"post_tag","embeddable":true,"href":"https:\/\/www.endrepression-az.org\/az\/wp-json\/wp\/v2\/tags?post=30252"}],"curies":[{"name":"wp","href":"https:\/\/api.w.org\/{rel}","templated":true}]}}